{"id":6972,"date":"2021-09-13T12:27:14","date_gmt":"2021-09-13T09:27:14","guid":{"rendered":"http:\/\/taskopru.bel.tr\/v1\/?page_id=6972"},"modified":"2022-10-04T16:16:53","modified_gmt":"2022-10-04T13:16:53","slug":"kvkk","status":"publish","type":"page","link":"https:\/\/taskopru.bel.tr\/v1\/kvkk\/","title":{"rendered":"BELED\u0130YE KVKK"},"content":{"rendered":"<p><a href=\"http:\/\/taskopru.bel.tr\/v1\/wp-content\/uploads\/2021\/09\/Ta\u015fk\u00f6pr\u00fc-Belediyesi-Ayd\u0131nlatma-Metni.pdf\"><strong>BELED\u0130YE AYDINLATMA METN\u0130<\/strong><\/a><\/p>\n<p><a href=\"http:\/\/taskopru.bel.tr\/v1\/wp-content\/uploads\/2021\/09\/TA\u015eK\u00d6PR\u00dc-BELED\u0130YES\u0130-K\u0130\u015e\u0130SEL-VER\u0130LER\u0130N-KORUNMASI-VE-\u0130\u015eLENMES\u0130-POL\u0130T\u0130KASI.pdf\" target=\"_blank\" rel=\"noopener noreferrer\"><strong>K\u0130\u015e\u0130SEL VER\u0130LER\u0130N KORUNMASI VE \u0130\u015eLENMES\u0130 POL\u0130T\u0130KASI<\/strong><\/a><\/p>\n<p><a href=\"http:\/\/taskopru.bel.tr\/v1\/wp-content\/uploads\/2021\/09\/TA\u015eK\u00d6PR\u00dc-BELED\u0130YES\u0130-K\u0130\u015e\u0130SEL-VER\u0130-SAKLAMA-VE-\u0130MHA-POL\u0130T\u0130KASI.pdf\"><strong>K\u0130\u015e\u0130SEL VER\u0130 SAKLAMA VE \u0130MHA POL\u0130T\u0130KASI<\/strong><\/a><\/p>\n<p><a href=\"http:\/\/taskopru.bel.tr\/v1\/wp-content\/uploads\/2021\/09\/TA\u015eK\u00d6PR\u00dc-BELED\u0130YES\u0130-\u00c7ALI\u015eAN-AYDINLATMA-METN\u0130.pdf\"><strong>K\u0130\u015e\u0130SEL VER\u0130LER\u0130N KORUNMASINA \u0130L\u0130\u015eK\u0130N \u00c7ALI\u015eAN AYDINLATMA METN\u0130<\/strong><\/a><\/p>\n<p><a href=\"http:\/\/taskopru.bel.tr\/v1\/wp-content\/uploads\/2021\/09\/TA\u015eK\u00d6PR\u00dc-BELED\u0130YES\u0130-\u00c7ALI\u015eAN-ADAYI-AYDINLATMA-METN\u0130.pdf\"><strong>K\u0130\u015e\u0130SEL VER\u0130LER\u0130N KORUNMASINA \u0130L\u0130\u015eK\u0130N \u00c7ALI\u015eAN ADAYI AYDINLATMA METN\u0130<\/strong><\/a><\/p>\n<p><a href=\"http:\/\/taskopru.bel.tr\/v1\/wp-content\/uploads\/2021\/09\/TA\u015eK\u00d6PR\u00dc-BELED\u0130YES\u0130-\u0130LET\u0130\u015e\u0130M-FORMU-AYDINLATMA-METN\u0130.pdf\"><strong>\u0130LET\u0130\u015e\u0130M FORMU AYDINLATMA METN\u0130<\/strong><\/a><\/p>\n<p><strong><a href=\"http:\/\/taskopru.bel.tr\/v1\/wp-content\/uploads\/2021\/12\/TA\u015eK\u00d6PR\u00dc-BELED\u0130YES\u0130-\u00d6ZEL-N\u0130TEL\u0130KL\u0130-VER\u0130LER\u0130N-KORUNMASI-VE-\u0130\u015eLENMES\u0130-POL\u0130T\u0130KASI.pdf\">\u00d6ZEL N\u0130TEL\u0130KL\u0130 VER\u0130LER\u0130N KORUNMASI VE \u0130\u015eLENMES\u0130 POL\u0130T\u0130KASI<\/a><\/strong><\/p>\n<p><strong><a href=\"https:\/\/taskopru.bel.tr\/v1\/wp-content\/uploads\/2022\/06\/153-CAGRI-MERKEZI-AYDINLATMA-METNI.docx\">153 \u00c7A\u011eRI MERKEZ\u0130 AYDINLATMA METN\u0130<\/a><\/strong><\/p>\n<p><a href=\"https:\/\/taskopru.bel.tr\/v1\/wp-content\/uploads\/2022\/06\/ADA-PARSEL-ARSIV-DOSYASI-ISLEMLERI-ICIN-BASVURAN-KISI-AYDINLATMA-METNI.docx\"><strong>ADA PARSEL AR\u015e\u0130V DOSYASI \u0130\u015eLEMLER\u0130 \u0130\u00c7\u0130N BA\u015eVURAN K\u0130\u015e\u0130 AYDINLATMA METN\u0130<\/strong><\/a><\/p>\n<p><a href=\"https:\/\/taskopru.bel.tr\/v1\/wp-content\/uploads\/2022\/06\/BASIN-YAYIN-HALKA-ILISKILER-ISLEMLERI-ICIN-BASVURAN-KISI-AYDINLATMA-METNI.docx\"><strong>BASIN YAYIN HALKA \u0130L\u0130\u015eK\u0130LER \u0130\u015eLEMLER\u0130 \u0130\u00c7\u0130N BA\u015eVURAN K\u0130\u015e\u0130 AYDINLATMA METN\u0130<\/strong><\/a><\/p>\n<p><a href=\"https:\/\/taskopru.bel.tr\/v1\/wp-content\/uploads\/2022\/06\/EMLAK-VE-ISTIMLAK-ISLEMLERI-ICIN-BASVURAN-KISI-AYDINLATMA-METNI.docx\"><strong>EMLAK VE \u0130ST\u0130MLAK \u0130\u015eLEMLER\u0130 \u0130\u00c7\u0130N BA\u015eVURAN K\u0130\u015e\u0130 AYDINLATMA METN\u0130<\/strong><\/a><\/p>\n<p><a href=\"https:\/\/taskopru.bel.tr\/v1\/wp-content\/uploads\/2022\/06\/FEN-ISLERI-MUDURLUGU-ISLEMLERI-ICIN-BASVURAN-KISI-AYDINLATMA-METNI.docx\"><strong>FEN \u0130\u015eLER\u0130 M\u00dcD\u00dcRL\u00dc\u011e\u00dc \u0130\u015eLEMLER\u0130 \u0130\u00c7\u0130N BA\u015eVURAN K\u0130\u015e\u0130 AYDINLATMA METN\u0130<\/strong><\/a><\/p>\n<p><a href=\"https:\/\/taskopru.bel.tr\/v1\/wp-content\/uploads\/2022\/06\/HAKEDIS-ISLEMLERI-ICIN-BASVURAN-KISI-AYDINLATMA-METNI.docx\"><strong>HAKED\u0130\u015e \u0130\u015eLEMLER\u0130 \u0130\u00c7\u0130N BA\u015eVURAN K\u0130\u015e\u0130 AYDINLATMA METN\u0130<\/strong><\/a><\/p>\n<p><a href=\"https:\/\/taskopru.bel.tr\/v1\/wp-content\/uploads\/2022\/06\/HARITA-ISLERI-ICIN-BASVURAN-KISI-AYDINLATMA-METNI.docx\"><strong>HAR\u0130TA \u0130\u015eLER\u0130 \u0130\u00c7\u0130N BA\u015eVURAN K\u0130\u015e\u0130 AYDINLATMA METN\u0130<\/strong><\/a><\/p>\n<p><a href=\"https:\/\/taskopru.bel.tr\/v1\/wp-content\/uploads\/2022\/06\/HUKUK-ISLERI-ISLERI-ICIN-BASVURAN-KISI-AYDINLATMA-METNI.docx\"><strong>HUKUK \u0130\u015eLER\u0130 \u0130\u015eLER\u0130 \u0130\u00c7\u0130N BA\u015eVURAN K\u0130\u015e\u0130 AYDINLATMA METN\u0130<\/strong><\/a><\/p>\n<p><a href=\"https:\/\/taskopru.bel.tr\/v1\/wp-content\/uploads\/2022\/06\/ICRA-ISLEMLERI-ICIN-BASVURAN-KISI-AYDINLATMA-METNI.docx\"><strong>\u0130CRA \u0130\u015eLEMLER\u0130 \u0130\u00c7\u0130N BA\u015eVURAN K\u0130\u015e\u0130 AYDINLATMA METN\u0130<\/strong><\/a><\/p>\n<p><a href=\"https:\/\/taskopru.bel.tr\/v1\/wp-content\/uploads\/2022\/06\/IMAR-ISLEMLERI-ICIN-BASVURAN-KISI-AYDINLATMA-METNI.docx\"><strong>\u0130MAR \u0130\u015eLEMLER\u0130 \u0130\u00c7\u0130N BA\u015eVURAN K\u0130\u015e\u0130 AYDINLATMA METN\u0130<\/strong><\/a><\/p>\n<p><a href=\"https:\/\/taskopru.bel.tr\/v1\/wp-content\/uploads\/2022\/06\/IMAR-VE-SEHIRCILIK-MUDURLUGU-ISLEMLERI-ICIN-BASVURAN-KISI-AYDINLATMA-METNI.docx\"><strong>\u0130MAR VE \u015eEH\u0130RC\u0130L\u0130K M\u00dcD\u00dcRL\u00dc\u011e\u00dc \u0130\u015eLEMLER\u0130 \u0130\u00c7\u0130N BA\u015eVURAN K\u0130\u015e\u0130 AYDINLATMA METN\u0130<\/strong><\/a><\/p>\n<p><a href=\"https:\/\/taskopru.bel.tr\/v1\/wp-content\/uploads\/2022\/06\/ISKAN-ISLEMLERI-ICIN-BASVURAN-KISI-AYDINLATMA-METNI.docx\"><strong>\u0130SKAN \u0130\u015eLEMLER\u0130 \u0130\u00c7\u0130N BA\u015eVURAN K\u0130\u015e\u0130 AYDINLATMA METN\u0130<\/strong><\/a><\/p>\n<p><a href=\"https:\/\/taskopru.bel.tr\/v1\/wp-content\/uploads\/2022\/06\/IS-YERI-CALISMA-RUHSAT-ISLEMLERI-ICIN-BASVURAN-KISI-AYDINLATMA-METNI.docx\"><strong>\u0130\u015e YER\u0130 \u00c7ALI\u015eMA RUHSAT \u0130\u015eLEMLER\u0130 \u0130\u00c7\u0130N BA\u015eVURAN K\u0130\u015e\u0130 AYDINLATMA METN\u0130<\/strong><\/a><\/p>\n<p><a href=\"https:\/\/taskopru.bel.tr\/v1\/wp-content\/uploads\/2022\/06\/ITFAIYE-MUDURLUGU-ISLEMLERI-ICIN-BASVURAN-KISI-AYDINLATMA-METNI.docx\"><strong>\u0130TFA\u0130YE M\u00dcD\u00dcRL\u00dc\u011e\u00dc \u0130\u015eLEMLER\u0130 \u0130\u00c7\u0130N BA\u015eVURAN K\u0130\u015e\u0130 AYDINLATMA METN\u0130<\/strong><\/a><\/p>\n<p><a href=\"https:\/\/taskopru.bel.tr\/v1\/wp-content\/uploads\/2022\/06\/Kamera-Aydinlatma-Metni.docx\"><strong>KAMERA AYDINLATMA METN\u0130<\/strong><\/a><\/p>\n<p><a href=\"https:\/\/taskopru.bel.tr\/v1\/wp-content\/uploads\/2022\/06\/KAMULASTIRMA-ISLEMLERI-ICIN-BASVURAN-KISI-AYDINLATMA-METNI.docx\"><strong>KAMULA\u015eTIRMA \u0130\u015eLEMLER\u0130 \u0130\u00c7\u0130N BA\u015eVURAN K\u0130\u015e\u0130 AYDINLATMA METN\u0130<\/strong><\/a><\/p>\n<p><a href=\"https:\/\/taskopru.bel.tr\/v1\/wp-content\/uploads\/2022\/06\/KURSIYER-ISLEMLERI-ICIN-BASVURAN-KISI-AYDINLATMA-METNI.docx\"><strong>KURS\u0130YER \u0130\u015eLEMLER\u0130 \u0130\u00c7\u0130N BA\u015eVURAN K\u0130\u015e\u0130 AYDINLATMA METN\u0130<\/strong><\/a><\/p>\n<p><a href=\"https:\/\/taskopru.bel.tr\/v1\/wp-content\/uploads\/2022\/06\/MEZARLIK-HIZMETLERI-ISLEMLERI-ICIN-BASVURAN-KISI-AYDINLATMA-METNI.docx\"><strong>MEZARLIK H\u0130ZMETLER\u0130 \u0130\u015eLEMLER\u0130 \u0130\u00c7\u0130N BA\u015eVURAN K\u0130\u015e\u0130 AYDINLATMA METN\u0130<\/strong><\/a><\/p>\n<p><a href=\"https:\/\/taskopru.bel.tr\/v1\/wp-content\/uploads\/2022\/06\/MUHTARLIK-ISLEMLERI-ICIN-BASVURAN-KISI-AYDINLATMA-METNI.docx\"><strong>MUHTARLIK \u0130\u015eLEMLER\u0130 \u0130\u00c7\u0130N BA\u015eVURAN K\u0130\u015e\u0130 AYDINLATMA METN\u0130<\/strong><\/a><\/p>\n<p><a href=\"https:\/\/taskopru.bel.tr\/v1\/wp-content\/uploads\/2022\/06\/NIKAH-ISLEMLERI-ICIN-BASVURAN-KISI-AYDINLATMA-METNI.docx\"><strong>N\u0130KAH \u0130\u015eLEMLER\u0130 \u0130\u00c7\u0130N BA\u015eVURAN K\u0130\u015e\u0130 AYDINLATMA METN\u0130<\/strong><\/a><\/p>\n<p><a href=\"https:\/\/taskopru.bel.tr\/v1\/wp-content\/uploads\/2022\/06\/NUMARATAJ-ISLEMLERI-ICIN-BASVURAN-KISI-AYDINLATMA-METNI.docx\"><strong>NUMARATAJ \u0130\u015eLEMLER\u0130 \u0130\u00c7\u0130N BA\u015eVURAN K\u0130\u015e\u0130 AYDINLATMA METN\u0130<\/strong><\/a><\/p>\n<p><a href=\"https:\/\/taskopru.bel.tr\/v1\/wp-content\/uploads\/2022\/06\/OLCU-VE-TARTI-ALETI-MUAYENE-ISLEMLERI-ICIN-BASVURAN-KISI-AYDINLATMA-METNI.docx\"><strong>\u00d6L\u00c7\u00dc VE TARTI ALET\u0130 MUAYENE \u0130\u015eLEMLER\u0130 \u0130\u00c7\u0130N BA\u015eVURAN K\u0130\u015e\u0130 AYDINLATMA METN\u0130<\/strong><\/a><\/p>\n<p><a href=\"https:\/\/taskopru.bel.tr\/v1\/wp-content\/uploads\/2022\/06\/OZEL-KALEM-MUDURLUGU-ISLEMLERI-ICIN-BASVURAN-KISI-AYDINLATMA-METNI.docx\"><strong>\u00d6ZEL KALEM M\u00dcD\u00dcRL\u00dc\u011e\u00dc \u0130\u015eLEMLER\u0130 \u0130\u00c7\u0130N BA\u015eVURAN K\u0130\u015e\u0130 AYDINLATMA METN\u0130<\/strong><\/a><\/p>\n<p><strong><a href=\"https:\/\/taskopru.bel.tr\/v1\/wp-content\/uploads\/2022\/06\/PARK-VE-BAHCELER-ISLEMLERI-ICIN-BASVURAN-KISI-AYDINLATMA-METNI.docx\">PARK VE BAH\u00c7ELER \u0130\u015eLEMLER\u0130 \u0130\u00c7\u0130N BA\u015eVURAN K\u0130\u015e\u0130 AYDINLATMA METN\u0130<\/a><\/strong><\/p>\n<p><a href=\"https:\/\/taskopru.bel.tr\/v1\/wp-content\/uploads\/2022\/06\/PAZARCI-AYDINLATMA-METNI.docx\"><strong>PAZARCI AYDINLATMA METN\u0130<\/strong><\/a><\/p>\n<p><a href=\"https:\/\/taskopru.bel.tr\/v1\/wp-content\/uploads\/2022\/06\/RUHSAT-BASVURUSU-ISLEMLERI-ICIN-BASVURAN-KISI-AYDINLATMA-METNI.docx\"><strong>RUHSAT BA\u015eVURUSU \u0130\u015eLEMLER\u0130 \u0130\u00c7\u0130N BA\u015eVURAN K\u0130\u015e\u0130 AYDINLATMA METN\u0130<\/strong><\/a><\/p>\n<p><a href=\"https:\/\/taskopru.bel.tr\/v1\/wp-content\/uploads\/2022\/06\/SOKAK-HAYVANI-IHBAR-VEYA-SAHIPLENME-ISLEMLERI-ICIN-BASVURAN-KISI-AYDINLATMA-METNI.docx\"><strong>SOKAK HAYVANI \u0130HBAR VEYA SAH\u0130PLENME \u0130\u015eLEMLER\u0130 \u0130\u00c7\u0130N BA\u015eVURAN K\u0130\u015e\u0130 AYDINLATMA METN\u0130<\/strong><\/a><\/p>\n<p><a href=\"https:\/\/taskopru.bel.tr\/v1\/wp-content\/uploads\/2022\/06\/SOSYAL-YARDIM-ISLEMLERI-ICIN-BASVURAN-KISI-AYDINLATMA-METNI.docx\"><strong>SOSYAL YARDIM \u0130\u015eLEMLER\u0130 \u0130\u00c7\u0130N BA\u015eVURAN K\u0130\u015e\u0130 AYDINLATMA METN\u0130<\/strong><\/a><\/p>\n<p><a href=\"https:\/\/taskopru.bel.tr\/v1\/wp-content\/uploads\/2022\/06\/SU-ABONELIGI-ISLEMLERI-ICIN-BASVURAN-KISI-AYDINLATMA-METNI.docx\"><strong>SU ABONEL\u0130\u011e\u0130 \u0130\u015eLEMLER\u0130 \u0130\u00c7\u0130N BA\u015eVURAN K\u0130\u015e\u0130 AYDINLATMA METN\u0130<\/strong><\/a><\/p>\n<p><a href=\"https:\/\/taskopru.bel.tr\/v1\/wp-content\/uploads\/2022\/06\/SIKAYET-VE-TALEPTE-ISLEMLERI-ICIN-BASVURAN-KISI-AYDINLATMA-METNI.docx\"><strong>\u015e\u0130KAYET VE TALEPTE \u0130\u015eLEMLER\u0130 \u0130\u00c7\u0130N BA\u015eVURAN K\u0130\u015e\u0130 AYDINLATMA METN\u0130<\/strong><\/a><\/p>\n<p><a href=\"https:\/\/taskopru.bel.tr\/v1\/wp-content\/uploads\/2022\/06\/TEMIZLIK-ISLERI-ICIN-BASVURAN-KISI-AYDINLATMA-METNI.docx\"><strong>TEM\u0130ZL\u0130K \u0130\u015eLER\u0130 \u0130\u00c7\u0130N BA\u015eVURAN K\u0130\u015e\u0130 AYDINLATMA METN\u0130<\/strong><\/a><\/p>\n<p><a href=\"https:\/\/taskopru.bel.tr\/v1\/wp-content\/uploads\/2022\/06\/URUN-VEYA-HIZMET-ALIM-ISLEMLERI-ICIN-BASVURAN-KISI-AYDINLATMA-METNI.docx\"><strong>\u00dcR\u00dcN VEYA H\u0130ZMET ALIM \u0130\u015eLEMLER\u0130 \u0130\u00c7\u0130N BA\u015eVURAN K\u0130\u015e\u0130 AYDINLATMA METN\u0130<\/strong><\/a><\/p>\n<p><a href=\"https:\/\/taskopru.bel.tr\/v1\/wp-content\/uploads\/2022\/06\/YAPI-KONTROL-ISLEMLERI-ICIN-BASVURAN-KISI-AYDINLATMA-METNI.docx\"><strong>YAPI KONTROL \u0130\u015eLEMLER\u0130 \u0130\u00c7\u0130N BA\u015eVURAN K\u0130\u015e\u0130 AYDINLATMA METN\u0130<\/strong><\/a><\/p>\n<p><a href=\"https:\/\/taskopru.bel.tr\/v1\/wp-content\/uploads\/2022\/06\/YAZI-ISLER-MUDURLUGU-ISLEMLERI-ICIN-BASVURAN-KISI-AYDINLATMA-METNI.docx\"><strong>YAZI \u0130\u015eLER\u0130 M\u00dcD\u00dcRL\u00dc\u011e\u00dc \u0130\u015eLEMLER\u0130 \u0130\u00c7\u0130N BA\u015eVURAN K\u0130\u015e\u0130 AYDINLATMA METN\u0130<\/strong><\/a><\/p>\n<p><a href=\"https:\/\/taskopru.bel.tr\/v1\/wp-content\/uploads\/2022\/06\/ZIYARETCI-AYDINLATMA-METNI.docx\"><strong>Z\u0130YARET\u00c7\u0130 AYDINLATMA METN\u0130<\/strong><\/a><\/p>\n<p><a href=\"http:\/\/taskopru.bel.tr\/v1\/wp-content\/uploads\/2021\/09\/TA\u015eK\u00d6PR\u00dc-BELED\u0130YES\u0130-KVKK-Ba\u015fvuru-Formu-1.pdf\"><strong>KVKK BA\u015eVURU FORMU<\/strong><\/a><\/p>\n<p>&nbsp;<\/p>\n","protected":false},"excerpt":{"rendered":"<p>BELED\u0130YE AYDINLATMA METN\u0130 K\u0130\u015e\u0130SEL VER\u0130LER\u0130N KORUNMASI VE \u0130\u015eLENMES\u0130 POL\u0130T\u0130KASI K\u0130\u015e\u0130SEL VER\u0130 SAKLAMA VE \u0130MHA POL\u0130T\u0130KASI K\u0130\u015e\u0130SEL VER\u0130LER\u0130N KORUNMASINA \u0130L\u0130\u015eK\u0130N \u00c7ALI\u015eAN AYDINLATMA METN\u0130 K\u0130\u015e\u0130SEL VER\u0130LER\u0130N KORUNMASINA \u0130L\u0130\u015eK\u0130N \u00c7ALI\u015eAN ADAYI AYDINLATMA METN\u0130 \u0130LET\u0130\u015e\u0130M FORMU AYDINLATMA METN\u0130 \u00d6ZEL N\u0130TEL\u0130KL\u0130 VER\u0130LER\u0130N KORUNMASI VE \u0130\u015eLENMES\u0130 POL\u0130T\u0130KASI 153 \u00c7A\u011eRI MERKEZ\u0130 AYDINLATMA METN\u0130 ADA PARSEL AR\u015e\u0130V DOSYASI \u0130\u015eLEMLER\u0130 \u0130\u00c7\u0130N BA\u015eVURAN K\u0130\u015e\u0130 AYDINLATMA [&hellip;]<\/p>\n","protected":false},"author":1,"featured_media":0,"parent":0,"menu_order":0,"comment_status":"closed","ping_status":"closed","template":"","meta":{"footnotes":""},"class_list":["post-6972","page","type-page","status-publish"],"_links":{"self":[{"href":"https:\/\/taskopru.bel.tr\/v1\/wp-json\/wp\/v2\/pages\/6972","targetHints":{"allow":["GET"]}}],"collection":[{"href":"https:\/\/taskopru.bel.tr\/v1\/wp-json\/wp\/v2\/pages"}],"about":[{"href":"https:\/\/taskopru.bel.tr\/v1\/wp-json\/wp\/v2\/types\/page"}],"author":[{"embeddable":true,"href":"https:\/\/taskopru.bel.tr\/v1\/wp-json\/wp\/v2\/users\/1"}],"replies":[{"embeddable":true,"href":"https:\/\/taskopru.bel.tr\/v1\/wp-json\/wp\/v2\/comments?post=6972"}],"version-history":[{"count":40,"href":"https:\/\/taskopru.bel.tr\/v1\/wp-json\/wp\/v2\/pages\/6972\/revisions"}],"predecessor-version":[{"id":8830,"href":"https:\/\/taskopru.bel.tr\/v1\/wp-json\/wp\/v2\/pages\/6972\/revisions\/8830"}],"wp:attachment":[{"href":"https:\/\/taskopru.bel.tr\/v1\/wp-json\/wp\/v2\/media?parent=6972"}],"curies":[{"name":"wp","href":"https:\/\/api.w.org\/{rel}","templated":true}]}}